{"id":3239,"date":"2022-12-21T14:22:09","date_gmt":"2022-12-21T13:22:09","guid":{"rendered":"https:\/\/lgigroup.com\/?page_id=3239"},"modified":"2024-01-22T15:19:17","modified_gmt":"2024-01-22T14:19:17","slug":"contact","status":"publish","type":"page","link":"https:\/\/lgigroup.com\/hu-hu\/contact\/","title":{"rendered":"Contact"},"content":{"rendered":"\r\n\t\t<section class=\"titelbild-section titelbild-block-id-69ede817535fe titelbild-block-layout-\">\r\n            <div class=\"col-12 col-lg-12\">\r\n                <div class=\"full-bild\"> <img loading=\"lazy\" decoding=\"async\" width=\"1920\" height=\"700\" src=\"\/wp-content\/uploads\/2023\/02\/person-with-smartphone-lgi-contact.jpg\" class=\"img-fluid\" alt=\"Person with a smartphone | LGI\" srcset=\"\/wp-content\/uploads\/2023\/02\/person-with-smartphone-lgi-contact.jpg 1920w, \/wp-content\/uploads\/2023\/02\/person-with-smartphone-lgi-contact-300x109.jpg 300w, \/wp-content\/uploads\/2023\/02\/person-with-smartphone-lgi-contact-1024x373.jpg 1024w, \/wp-content\/uploads\/2023\/02\/person-with-smartphone-lgi-contact-768x280.jpg 768w, \/wp-content\/uploads\/2023\/02\/person-with-smartphone-lgi-contact-1536x560.jpg 1536w\" sizes=\"auto, (max-width: 1920px) 100vw, 1920px\" \/><\/div>\r\n                <div class=\"bild-title container\">\r\n                    <div class=\"row\">\r\n                                <div class=\"col\">\r\n                                    <p class=\"headline wt-h1\">L\u00e9pjen kapcsolatba vel\u00fcnk<\/p>\r\n                                <\/div>                                        \r\n                            <\/div> \r\n                <\/div>\r\n            <\/div>\r\n        <\/section>\r\n\t\n\n            \r\n        <div class=\"spacing-block large spacing-block-id-69ede81753da0\" >                                     \r\n                  <div class=\"large-space\">   \r\n                  <\/div>                      \r\n        <\/div>\n\n\r\n                <div class=\"headline-block \">\r\n                    \r\n                        <div class=\"container\">                            \r\n                            <div class=\"row\">\r\n                        <div class=\"col\">\r\n                            <h1 class=\"wt-subheadline wt-sl sub-headline-align\">Az \u00d6n kapcsolattart\u00f3ja az LGI-n\u00e9l<\/h1>\r\n                        <\/div>\r\n                    <\/div>\r\n                            \r\n                            <div class=\"row\">\r\n                                <div class=\"col\">\r\n                                    <h2 class=\"wt-h1 wt-font-color-dark-grey\">Supply-Chain szakembereink sz\u00edvesen adnak tan\u00e1csot<\/h2>\r\n                                <\/div>                                        \r\n                            <\/div>                                                                                                    \r\n                        <\/div>                                \r\n                <\/div>\r\n            \n\n            \r\n        <div class=\"spacing-block extrasmall spacing-block-id-69ede81753ff9\" >                                     \r\n                  <div class=\"extra-small-space\">   \r\n                  <\/div>                      \r\n        <\/div>\n\n   \r\n    \r\n    <div class=\"grey-line-block grey-line-block-id-69ede81754114\">\r\n        \r\n        <div class=\"container\">\r\n            <div class=\"row\">\r\n                <div class=\"col test\">\r\n                    <div class=\"grey-line-block-line\"><\/div>\r\n                <\/div>                \r\n            <\/div>\r\n        <\/div>\r\n        \r\n    <\/div>\n\n            \r\n        <div class=\"spacing-block small spacing-block-id-69ede81754230\" >                                     \r\n                  <div class=\"small-space\">   \r\n                  <\/div>                      \r\n        <\/div>\n\n\n<div class=\"wp-block-group container\"><div class=\"wp-block-group__inner-container is-layout-constrained wp-block-group-is-layout-constrained\">\n<p>Miben seg\u00edthet\u00fcnk? Milyen kih\u00edv\u00e1sa van sz\u00e1munkra az ell\u00e1t\u00e1si l\u00e1nccal kapcsolatban? Milyen k\u00e9rd\u00e9sre adhatunk v\u00e1laszt?<br>K\u00e9rj\u00fck, t\u00f6ltse ki a kapcsolatfelv\u00e9teli \u0171rlapot vagy h\u00edvjon benn\u00fcnket.<\/p>\n<\/div><\/div>\n\n\n            \r\n        <div class=\"spacing-block extramedium spacing-block-id-69ede81755797\" >                                     \r\n                  <div class=\"extra-medium-space\">   \r\n                  <\/div>                      \r\n        <\/div>\n\n    \r\n   <section class=\"contact-form-block contact-form-block-id-69ede8175586b mb-5\">\r\n    <div class=\"container lgi-form-container\">\r\n        <form id=\"lgi-form-69ede8175586b\" class=\"row g-3 needs-validation contactForm\" novalidate>\r\n            <div class=\"col-12 col-lg-4\">\r\n                    \r\n                    <div class=\"input-wrapper input-wrapper-first\">\r\n                        <label for=\"cf_first_name\" class=\"form-label visually-hidden\">Keresztn\u00e9v<\/label>\r\n                        <input type=\"text\" id=\"cf_first_name\" name=\"cf_first_name\" class=\"form-control shadow-none\" placeholder=\"Keresztn\u00e9v*\" aria-required=\"true\" aria-label=\"Keresztn\u00e9v\" required >\r\n                             <div class=\"invalid-feedback\">\r\n                             K\u00f6telez\u0151 mez\u0151.\r\n                            <\/div>\r\n                        <\/div>\r\n                    \r\n                    <div class=\"input-wrapper input-wrapper-first\">\r\n                         <label for=\"cf_last_name\" class=\"form-label visually-hidden\">Vezet\u00e9kn\u00e9v<\/label>\r\n                         <input type=\"text\" id=\"cf_last_name\" name=\"cf_last_name\" class=\"form-control shadow-none\" placeholder=\"Vezet\u00e9kn\u00e9v*\" aria-label=\"Vezet\u00e9kn\u00e9v\" aria-required=\"true\" required >\r\n                         <div class=\"invalid-feedback\">\r\n                              K\u00f6telez\u0151 mez\u0151.\r\n                        <\/div>\r\n                    <\/div>\r\n\r\n                    <div class=\"input-wrapper\">\r\n                         <label for=\"cf_corp\" class=\"form-label visually-hidden\">C\u00e9gn\u00e9v<\/label>\r\n                        <input type=\"text\" id=\"cf_corp\" name=\"cf_corp\" class=\"form-control shadow-none\" placeholder=\"C\u00e9gn\u00e9v*\" aria-label=\"C\u00e9gn\u00e9v\" aria-required=\"true\" required >\r\n                        <div class=\"invalid-feedback\">\r\n                             K\u00f6telez\u0151 mez\u0151.\r\n                         <\/div>\r\n                    <\/div>\r\n\r\n                    <div class=\"input-wrapper\">\r\n                        <label for=\"cf_mail\" class=\"form-label visually-hidden\">Az \u00d6n e-mail c\u00edme<\/label>\r\n                        <input type=\"email\" id=\"cf_mail\" name=\"cf_mail\" class=\"form-control shadow-none\" placeholder=\"Az \u00d6n e-mail c\u00edme*\" aria-label=\"Az \u00d6n e-mail c\u00edme\" aria-required=\"true\" required >\r\n                         <div class=\"invalid-feedback\">\r\n                         K\u00f6telez\u0151 mez\u0151.\r\n                        <\/div>\r\n                    <\/div>\r\n                    \r\n                    <select name=\"cf_reciever\" id=\"inputState\" class=\"form-select shadow-none\" required>\r\n                        <option value=\"\" disabled selected>C\u00edmzett (v\u00e1llalati ter\u00fclet)*<\/option>\r\n                        <option value=\"0\">K\u00fcldem\u00e9nyek<\/option>\r\n                        <option value=\"1\">HP-k\u00e9sz\u00fcl\u00e9kek visszav\u00e9tele<\/option>\r\n                        <option value=\"2\">Mobility Logistics<\/option>\r\n                        <option value=\"3\">Elektronikai logisztika<\/option>\r\n                        <option value=\"4\">Textil logisztika<\/option>\r\n                        <option value=\"4\">Sz\u00e9ps\u00e9g\u00e1pol\u00e1si logisztika<\/option>\r\n                        <option value=\"4\">\u00c9letst\u00edlus logisztika<\/option>\r\n                        <option value=\"5\">Eg\u00e9szs\u00e9g\u00fcgyi logisztika<\/option>                      \r\n                        <option value=\"7\">Ipari logisztika<\/option>                      \r\n                        <option value=\"6\">Ingatlan &#038; Beszerz\u00e9s<\/option>                      \r\n                        <option value=\"8\">Szem\u00e9lyzeti k\u00e9rd\u00e9sek<\/option>                      \r\n                        <option value=\"9\">Sajt\u00f3 &#038; Marketing<\/option>                      \r\n                        <option value=\"10\">K\u00f6nyvel\u00e9s<\/option>                      \r\n                        <option value=\"11\">Sz\u00e1ll\u00edt\u00e1sok<\/option>                      \r\n                        <option value=\"12\">V\u00e1m &#038; K\u00fclkereskedelem<\/option>                                          \r\n                        <option value=\"13\">Egy\u00e9b k\u00e9rd\u00e9sek<\/option>                      \r\n                    <\/select>\r\n                    <div class=\"invalid-feedback\">\r\n                        K\u00f6telez\u0151 mez\u0151.\r\n                    <\/div>\r\n                <\/div>\r\n                <div class=\"col-12 col-lg-8 ps-3 text-right-area\">\r\n                    \r\n                    <div class=\"input-wrapper\">\r\n                        <label for=\"cf_message\" class=\"form-label visually-hidden\">Az \u00d6n \u00fczenete (max. 500 karakter)<\/label>\r\n                        <textarea id=\"cf_message\" name=\"cf_message\" class=\"form-control shadow-none\" placeholder=\"Az \u00d6n \u00fczenete (max. 500 karakter)*\" rows=\"3\" maxlength=\"500\" aria-label=\"Az \u00d6n \u00fczenete (max. 500 karakter)\" aria-required=\"true\" required><\/textarea>\r\n                        <div class=\"invalid-feedback\">\r\n                          K\u00f6telez\u0151 mez\u0151.\r\n                        <\/div>\r\n                    <\/div>\r\n                    \r\n                    <div class=\"send-wrapper\">\r\n                            <div class=\"form-check mt-4\">\r\n                                 <input class=\"form-check-input wt-newsletter-checkbox-contact shadow-none\" type=\"checkbox\" name=\"cf_receive_newsletter\" id=\"gridCheck-2\">\r\n                                 <label class=\"form-check-label wt-t\" for=\"gridCheck-2\">Ezennel beleegyezik, hogy megkapja a h\u00edrlevelet. A h\u00edrlev\u00e9lr\u0151l b\u00e1rmikor leiratkozhat, ha e-mailt k\u00fcld a <a class=\"wt-k-click-mail\" href=\"&#109;&#97;&#105;&#108;&#116;&#111;&#58;%77%69%64%65%72%72%75%66-%6c%67%69@%6c%67%69.%64%65\">&#x77;&#x69;&#x64;&#x65;&#x72;&#x72;&#x75;&#x66;&#x2d;&#x6c;&#x67;&#x69;&#x40;&#x6c;&#x67;&#x69;&#x2e;&#x64;&#x65;<\/a> c\u00edmre \u00e9s visszavonja hozz\u00e1j\u00e1rul\u00e1s\u00e1t.<\/label>\r\n                        <\/div>\r\n                        <div class=\"form-check mt-2\">\r\n                            <input class=\"form-check-input shadow-none\" type=\"checkbox\" name=\"cf_use_data\" id=\"gridCheck\" required>\r\n                            <label class=\"form-check-label wt-t\" for=\"gridCheck\">\r\n                            Adatait, melyeket ezen \u0171rlappal tov\u00e1bb\u00edthat, kiz\u00e1r\u00f3lag k\u00e9r\u00e9s\u00e9nek feldolgoz\u00e1s\u00e1ra haszn\u00e1ljuk fel.\r\n                            Adatainak felhaszn\u00e1l\u00e1s\u00e1val kapcsolatos tov\u00e1bbi inform\u00e1ci\u00f3k az adatv\u00e9delmi oldalunkon tal\u00e1lhat\u00f3k.\r\n                            Ezt az oldalt a reCAPTCHA v\u00e9di \u00e9s a Google <a href='https:\/\/policies.google.com\/privacy' target='_blank' rel='nofollow'>adatv\u00e9delmi<\/a> \u00e9s <a href='https:\/\/policies.google.com\/terms' target='_blank' rel='nofollow'>haszn\u00e1lati felt\u00e9telei<\/a> \u00e9rv\u00e9nyesek.\r\n                            <\/label>\r\n                        <\/div>\r\n                    \r\n                    <button type=\"submit\" class=\"wt-bt mt-4 ms-4\">\u0170rlap elk\u00fcld\u00e9se<\/button>                        \r\n                    \r\n                <\/div>\r\n                \r\n            <\/div>\r\n            \r\n            <input type=\"hidden\" name=\"g-recaptcha-response\" value=\"\">\r\n            <input type=\"hidden\" name=\"formType\" value=\"contactForm\">\r\n                            \r\n        <\/form>\r\n\r\n        <div id=\"lgi-state-69ede8175586b\" class=\"lgi-submission-state\" style=\"display: none;\">\r\n            \r\n            <div class=\"lgi-loader-wrapper\">\r\n                <span class=\"lgi-loader\"><\/span>\r\n            <\/div>\r\n            \r\n            <div class=\"lgi-form-success\" style=\"display: none;\">\r\n                <h2 class=\"success-heading\">Success!<\/h2>\r\n                <p class=\"m-message m-success\">\u00dczenete elk\u00fcldve. A lehet\u0151 leghamarabb felvessz\u00fck \u00d6nnel a kapcsolatot.<\/p>\r\n            <\/div>\r\n\r\n            <div class=\"lgi-form-error\" style=\"display: none;\">\r\n                <p class=\"m-message m-error\">Az \u00fczenetet nem siker\u00fclt elk\u00fcldeni. K\u00e9rj\u00fck, k\u00f6zvetlen\u00fcl vegye fel vel\u00fcnk a kapcsolatot. <\/p>\r\n            <\/div>\r\n\r\n        <\/div>\r\n\r\n    <\/div>        \r\n<\/section>\n\n            \r\n        <div class=\"spacing-block large spacing-block-id-69ede817559f6\" >                                     \r\n                  <div class=\"large-space\">   \r\n                  <\/div>                      \r\n        <\/div>\n\n   \r\n    \r\n    <section id=\"Contact-person\" class=\"contact-person-block contact-person-block-id-69ede81755abb encoded-email\" data-idcp=\"1\" data-mail=\"bWFydGluYV93ZWloaW5nQGxnaS5kZQ==\">\r\n    \r\n        \r\n        <div class=\"contact-person-bg-img-wrapper\">\r\n            <img loading=\"lazy\" decoding=\"async\" width=\"1920\" height=\"500\" src=\"\/wp-content\/uploads\/2023\/03\/lgi-location-holland.jpg\" class=\"img-fluid bg-image\" alt=\"Location holland | LGI\" srcset=\"\/wp-content\/uploads\/2023\/03\/lgi-location-holland.jpg 1920w, \/wp-content\/uploads\/2023\/03\/lgi-location-holland-300x78.jpg 300w, \/wp-content\/uploads\/2023\/03\/lgi-location-holland-1024x267.jpg 1024w, \/wp-content\/uploads\/2023\/03\/lgi-location-holland-768x200.jpg 768w, \/wp-content\/uploads\/2023\/03\/lgi-location-holland-1536x400.jpg 1536w\" sizes=\"auto, (max-width: 1920px) 100vw, 1920px\" \/>\r\n        <\/div>\r\n        \r\n        <div class=\"container contact-person-content-wrapper\">\r\n            <div class=\"row\">\r\n                <div class=\"col-12 col-lg-6 contact-person-text-wrapper contact-text-align\">\r\n                    <span class=\"wt-bh\">K\u00e9rd\u00e9se van?<\/span>\r\n                    <span class=\"wt-hl wt-big-string\">ITT MEGTAL\u00c1LJA A MEGFELEL\u0150 <span class='wt-font-color-white'>KAPCSOLATTART\u00d3T<\/span><\/span>\r\n                <\/div>\r\n                <div class=\"col-12 col-lg-6 order-first order-lg-last contact-person-img-wrapper\">\r\n                    <div>\r\n                        <div class=\"contact-person-wrapper contact-pointer\">\r\n                            <div class=\"contact-image-wrapper\">                                    \r\n                                    <img decoding=\"async\" src=\"\/wp-content\/themes\/lgi\/img\/contact-ap\/Contact-man-pointer-LGI.png\" class=\"img-fluid\">\r\n                                    \r\n                                    <div class=\"contact-wrapper-symbol\"><\/div>\r\n                                    \r\n                                    <div class=\"bubble-wrapper\">                                       \r\n\r\n                                        <div class=\"bubble-box\">\r\n                                            <div class=\"wt-bt\" data-bs-toggle=\"modal\" data-bs-target=\"#contact-popup-modal\">\r\n                                                Kapcsolattart\u00e1s most\r\n                                            <\/div>\r\n                                        <\/div>\r\n                                \r\n                                    <\/div>    \r\n                                <\/div>\r\n                        <\/div>                        \r\n                    <\/div>                    \r\n                <\/div>\r\n            <\/div>\r\n        <\/div>\r\n        \r\n    <\/section>","protected":false},"excerpt":{"rendered":"<p>Miben seg\u00edthet\u00fcnk? Milyen kih\u00edv\u00e1sa van sz\u00e1munkra az ell\u00e1t\u00e1si l\u00e1nccal kapcsolatban? Milyen k\u00e9rd\u00e9sre adhatunk v\u00e1laszt?K\u00e9rj\u00fck, t\u00f6ltse ki a kapcsolatfelv\u00e9teli \u0171rlapot vagy h\u00edvjon benn\u00fcnket.<\/p>\n","protected":false},"author":1,"featured_media":0,"parent":0,"menu_order":0,"comment_status":"closed","ping_status":"closed","template":"","meta":{"footnotes":""},"class_list":["post-3239","page","type-page","status-publish","hentry"],"yoast_head":"<!-- This site is optimized with the Yoast SEO plugin v27.3 - https:\/\/yoast.com\/product\/yoast-seo-wordpress\/ -->\n<title>L\u00e9pjen vel\u00fcnk kapcsolatba - mi tan\u00e1csot adunk | LGI<\/title>\n<meta name=\"description\" content=\"K\u00e9rd\u00e9se van egy sz\u00e1ll\u00edtm\u00e1nnyal, \u00e1ll\u00e1saj\u00e1nlatainkkal vagy ipari szolg\u00e1ltat\u00e1sainkkal kapcsolatban? Sz\u00edvesen adunk \u00d6nnek tan\u00e1csot.\" \/>\n<meta name=\"robots\" content=\"index, follow, max-snippet:-1, max-image-preview:large, max-video-preview:-1\" \/>\n<link rel=\"canonical\" href=\"https:\/\/lgigroup.com\/hu-hu\/wp-json\/wp\/v2\/pages\/3239\" \/>\n<meta property=\"og:locale\" content=\"hu_HU\" \/>\n<meta property=\"og:type\" content=\"article\" \/>\n<meta property=\"og:title\" content=\"L\u00e9pjen vel\u00fcnk kapcsolatba - mi tan\u00e1csot adunk | LGI\" \/>\n<meta property=\"og:description\" content=\"K\u00e9rd\u00e9se van egy sz\u00e1ll\u00edtm\u00e1nnyal, \u00e1ll\u00e1saj\u00e1nlatainkkal vagy ipari szolg\u00e1ltat\u00e1sainkkal kapcsolatban? Sz\u00edvesen adunk \u00d6nnek tan\u00e1csot.\" \/>\n<meta property=\"og:url\" content=\"https:\/\/lgigroup.com\/hu-hu\/contact\/\" \/>\n<meta property=\"og:site_name\" content=\"LGI Group\" \/>\n<meta property=\"article:modified_time\" content=\"2024-01-22T14:19:17+00:00\" \/>\n<meta name=\"twitter:card\" content=\"summary_large_image\" \/>\n<meta name=\"twitter:label1\" content=\"Est. reading time\" \/>\n\t<meta name=\"twitter:data1\" content=\"1 minute\" \/>\n<script type=\"application\/ld+json\" class=\"yoast-schema-graph\">{\"@context\":\"https:\\\/\\\/schema.org\",\"@graph\":[{\"@type\":\"WebPage\",\"@id\":\"https:\\\/\\\/lgigroup.com\\\/hu-hu\\\/contact\\\/\",\"url\":\"https:\\\/\\\/lgigroup.com\\\/hu-hu\\\/contact\\\/\",\"name\":\"L\u00e9pjen vel\u00fcnk kapcsolatba - mi tan\u00e1csot adunk | LGI\",\"isPartOf\":{\"@id\":\"https:\\\/\\\/lgigroup.com\\\/hu-hu\\\/#website\"},\"datePublished\":\"2022-12-21T13:22:09+00:00\",\"dateModified\":\"2024-01-22T14:19:17+00:00\",\"description\":\"K\u00e9rd\u00e9se van egy sz\u00e1ll\u00edtm\u00e1nnyal, \u00e1ll\u00e1saj\u00e1nlatainkkal vagy ipari szolg\u00e1ltat\u00e1sainkkal kapcsolatban? Sz\u00edvesen adunk \u00d6nnek tan\u00e1csot.\",\"breadcrumb\":{\"@id\":\"https:\\\/\\\/lgigroup.com\\\/hu-hu\\\/contact\\\/#breadcrumb\"},\"inLanguage\":\"hu-hu\",\"potentialAction\":[{\"@type\":\"ReadAction\",\"target\":[\"https:\\\/\\\/lgigroup.com\\\/hu-hu\\\/contact\\\/\"]}]},{\"@type\":\"BreadcrumbList\",\"@id\":\"https:\\\/\\\/lgigroup.com\\\/hu-hu\\\/contact\\\/#breadcrumb\",\"itemListElement\":[{\"@type\":\"ListItem\",\"position\":1,\"name\":\"Startseite\",\"item\":\"https:\\\/\\\/lgigroup.com\\\/hu-hu\\\/\"},{\"@type\":\"ListItem\",\"position\":2,\"name\":\"Contact\"}]},{\"@type\":\"WebSite\",\"@id\":\"https:\\\/\\\/lgigroup.com\\\/hu-hu\\\/#website\",\"url\":\"https:\\\/\\\/lgigroup.com\\\/hu-hu\\\/\",\"name\":\"LGI Group\",\"description\":\"\",\"publisher\":{\"@id\":\"https:\\\/\\\/lgigroup.com\\\/hu-hu\\\/#organization\"},\"potentialAction\":[{\"@type\":\"SearchAction\",\"target\":{\"@type\":\"EntryPoint\",\"urlTemplate\":\"https:\\\/\\\/lgigroup.com\\\/hu-hu\\\/?s={search_term_string}\"},\"query-input\":{\"@type\":\"PropertyValueSpecification\",\"valueRequired\":true,\"valueName\":\"search_term_string\"}}],\"inLanguage\":\"hu-hu\"},{\"@type\":\"Organization\",\"@id\":\"https:\\\/\\\/lgigroup.com\\\/hu-hu\\\/#organization\",\"name\":\"LGI GmbH\",\"url\":\"https:\\\/\\\/lgigroup.com\\\/hu-hu\\\/\",\"logo\":{\"@type\":\"ImageObject\",\"inLanguage\":\"hu-hu\",\"@id\":\"https:\\\/\\\/lgigroup.com\\\/hu-hu\\\/#\\\/schema\\\/logo\\\/image\\\/\",\"url\":\"https:\\\/\\\/lgigroup.com\\\/wp-content\\\/uploads\\\/2023\\\/01\\\/lgi-logo.png\",\"contentUrl\":\"https:\\\/\\\/lgigroup.com\\\/wp-content\\\/uploads\\\/2023\\\/01\\\/lgi-logo.png\",\"width\":420,\"height\":200,\"caption\":\"LGI GmbH\"},\"image\":{\"@id\":\"https:\\\/\\\/lgigroup.com\\\/hu-hu\\\/#\\\/schema\\\/logo\\\/image\\\/\"}}]}<\/script>\n<!-- \/ Yoast SEO plugin. -->","yoast_head_json":{"title":"L\u00e9pjen vel\u00fcnk kapcsolatba - mi tan\u00e1csot adunk | LGI","description":"K\u00e9rd\u00e9se van egy sz\u00e1ll\u00edtm\u00e1nnyal, \u00e1ll\u00e1saj\u00e1nlatainkkal vagy ipari szolg\u00e1ltat\u00e1sainkkal kapcsolatban? Sz\u00edvesen adunk \u00d6nnek tan\u00e1csot.","robots":{"index":"index","follow":"follow","max-snippet":"max-snippet:-1","max-image-preview":"max-image-preview:large","max-video-preview":"max-video-preview:-1"},"canonical":"https:\/\/lgigroup.com\/hu-hu\/wp-json\/wp\/v2\/pages\/3239","og_locale":"hu_HU","og_type":"article","og_title":"L\u00e9pjen vel\u00fcnk kapcsolatba - mi tan\u00e1csot adunk | LGI","og_description":"K\u00e9rd\u00e9se van egy sz\u00e1ll\u00edtm\u00e1nnyal, \u00e1ll\u00e1saj\u00e1nlatainkkal vagy ipari szolg\u00e1ltat\u00e1sainkkal kapcsolatban? Sz\u00edvesen adunk \u00d6nnek tan\u00e1csot.","og_url":"https:\/\/lgigroup.com\/hu-hu\/contact\/","og_site_name":"LGI Group","article_modified_time":"2024-01-22T14:19:17+00:00","twitter_card":"summary_large_image","twitter_misc":{"Est. reading time":"1 minute"},"schema":{"@context":"https:\/\/schema.org","@graph":[{"@type":"WebPage","@id":"https:\/\/lgigroup.com\/hu-hu\/contact\/","url":"https:\/\/lgigroup.com\/hu-hu\/contact\/","name":"L\u00e9pjen vel\u00fcnk kapcsolatba - mi tan\u00e1csot adunk | LGI","isPartOf":{"@id":"https:\/\/lgigroup.com\/hu-hu\/#website"},"datePublished":"2022-12-21T13:22:09+00:00","dateModified":"2024-01-22T14:19:17+00:00","description":"K\u00e9rd\u00e9se van egy sz\u00e1ll\u00edtm\u00e1nnyal, \u00e1ll\u00e1saj\u00e1nlatainkkal vagy ipari szolg\u00e1ltat\u00e1sainkkal kapcsolatban? Sz\u00edvesen adunk \u00d6nnek tan\u00e1csot.","breadcrumb":{"@id":"https:\/\/lgigroup.com\/hu-hu\/contact\/#breadcrumb"},"inLanguage":"hu-hu","potentialAction":[{"@type":"ReadAction","target":["https:\/\/lgigroup.com\/hu-hu\/contact\/"]}]},{"@type":"BreadcrumbList","@id":"https:\/\/lgigroup.com\/hu-hu\/contact\/#breadcrumb","itemListElement":[{"@type":"ListItem","position":1,"name":"Startseite","item":"https:\/\/lgigroup.com\/hu-hu\/"},{"@type":"ListItem","position":2,"name":"Contact"}]},{"@type":"WebSite","@id":"https:\/\/lgigroup.com\/hu-hu\/#website","url":"https:\/\/lgigroup.com\/hu-hu\/","name":"LGI Group","description":"","publisher":{"@id":"https:\/\/lgigroup.com\/hu-hu\/#organization"},"potentialAction":[{"@type":"SearchAction","target":{"@type":"EntryPoint","urlTemplate":"https:\/\/lgigroup.com\/hu-hu\/?s={search_term_string}"},"query-input":{"@type":"PropertyValueSpecification","valueRequired":true,"valueName":"search_term_string"}}],"inLanguage":"hu-hu"},{"@type":"Organization","@id":"https:\/\/lgigroup.com\/hu-hu\/#organization","name":"LGI GmbH","url":"https:\/\/lgigroup.com\/hu-hu\/","logo":{"@type":"ImageObject","inLanguage":"hu-hu","@id":"https:\/\/lgigroup.com\/hu-hu\/#\/schema\/logo\/image\/","url":"https:\/\/lgigroup.com\/wp-content\/uploads\/2023\/01\/lgi-logo.png","contentUrl":"https:\/\/lgigroup.com\/wp-content\/uploads\/2023\/01\/lgi-logo.png","width":420,"height":200,"caption":"LGI GmbH"},"image":{"@id":"https:\/\/lgigroup.com\/hu-hu\/#\/schema\/logo\/image\/"}}]}},"_links":{"self":[{"href":"https:\/\/lgigroup.com\/hu-hu\/wp-json\/wp\/v2\/pages\/3239","targetHints":{"allow":["GET"]}}],"collection":[{"href":"https:\/\/lgigroup.com\/hu-hu\/wp-json\/wp\/v2\/pages"}],"about":[{"href":"https:\/\/lgigroup.com\/hu-hu\/wp-json\/wp\/v2\/types\/page"}],"author":[{"embeddable":true,"href":"https:\/\/lgigroup.com\/hu-hu\/wp-json\/wp\/v2\/users\/1"}],"replies":[{"embeddable":true,"href":"https:\/\/lgigroup.com\/hu-hu\/wp-json\/wp\/v2\/comments?post=3239"}],"version-history":[{"count":8,"href":"https:\/\/lgigroup.com\/hu-hu\/wp-json\/wp\/v2\/pages\/3239\/revisions"}],"predecessor-version":[{"id":21712,"href":"https:\/\/lgigroup.com\/hu-hu\/wp-json\/wp\/v2\/pages\/3239\/revisions\/21712"}],"wp:attachment":[{"href":"https:\/\/lgigroup.com\/hu-hu\/wp-json\/wp\/v2\/media?parent=3239"}],"curies":[{"name":"wp","href":"https:\/\/api.w.org\/{rel}","templated":true}]}}