{"id":6785,"date":"2023-01-12T09:16:32","date_gmt":"2023-01-12T08:16:32","guid":{"rendered":"https:\/\/lgigroup.com\/?page_id=6785"},"modified":"2024-10-24T16:51:06","modified_gmt":"2024-10-24T14:51:06","slug":"textil","status":"publish","type":"page","link":"https:\/\/lgigroup.com\/hu-hu\/uezletagak\/textil\/","title":{"rendered":"Textil"},"content":{"rendered":"\r\n\t\t<section class=\"titelbild-section titelbild-block-id-69f312b90d82b titelbild-block-layout-\">\r\n            <div class=\"col-12 col-lg-12\">\r\n                <div class=\"full-bild\"> <img loading=\"lazy\" decoding=\"async\" width=\"1920\" height=\"700\" src=\"\/wp-content\/uploads\/2023\/01\/person-on-fashion-catwalk-lgi.jpg\" class=\"img-fluid\" alt=\"Person on fashion catwalk | LGI\" srcset=\"\/wp-content\/uploads\/2023\/01\/person-on-fashion-catwalk-lgi.jpg 1920w, \/wp-content\/uploads\/2023\/01\/person-on-fashion-catwalk-lgi-300x109.jpg 300w, \/wp-content\/uploads\/2023\/01\/person-on-fashion-catwalk-lgi-1024x373.jpg 1024w, \/wp-content\/uploads\/2023\/01\/person-on-fashion-catwalk-lgi-768x280.jpg 768w, \/wp-content\/uploads\/2023\/01\/person-on-fashion-catwalk-lgi-1536x560.jpg 1536w\" sizes=\"auto, (max-width: 1920px) 100vw, 1920px\" \/><\/div>\r\n                <div class=\"bild-title container\">\r\n                    <div class=\"row\">\r\n                                <div class=\"col\">\r\n                                    <p class=\"headline wt-h1\">Textillogisztika LGI-vel<\/p>\r\n                                <\/div>                                        \r\n                            <\/div> \r\n                <\/div>\r\n            <\/div>\r\n        <\/section>\r\n\t\n\n            \r\n        <div class=\"spacing-block large spacing-block-id-69f312b90dd3b\" >                                     \r\n                  <div class=\"large-space\">   \r\n                  <\/div>                      \r\n        <\/div>\n\n\r\n                <div class=\"headline-block \">\r\n                    \r\n                        <div class=\"container\">                            \r\n                            <div class=\"row\">\r\n                        <div class=\"col\">\r\n                            <h1 class=\"wt-subheadline wt-sl sub-headline-align\">Logisztikai szolg\u00e1ltat\u00e1sok textil<\/h1>\r\n                        <\/div>\r\n                    <\/div>\r\n                            \r\n                            <div class=\"row\">\r\n                                <div class=\"col\">\r\n                                    <h2 class=\"wt-h1 wt-font-color-dark-grey\">Ell\u00e1t\u00e1si l\u00e1nc megold\u00e1sok a divat \u00e9s a divatipar sz\u00e1m\u00e1ra<\/h2>\r\n                                <\/div>                                        \r\n                            <\/div>                                                                                                    \r\n                        <\/div>                                \r\n                <\/div>\r\n            \n\n            \r\n        <div class=\"spacing-block extrasmall spacing-block-id-69f312b90dedf\" >                                     \r\n                  <div class=\"extra-small-space\">   \r\n                  <\/div>                      \r\n        <\/div>\n\n   \r\n    \r\n    <div class=\"grey-line-block grey-line-block-id-69f312b90dfa8\">\r\n        \r\n        <div class=\"container\">\r\n            <div class=\"row\">\r\n                <div class=\"col test\">\r\n                    <div class=\"grey-line-block-line\"><\/div>\r\n                <\/div>                \r\n            <\/div>\r\n        <\/div>\r\n        \r\n    <\/div>\n\n            \r\n        <div class=\"spacing-block small spacing-block-id-69f312b90e06c\" >                                     \r\n                  <div class=\"small-space\">   \r\n                  <\/div>                      \r\n        <\/div>\n\n\r\n                <div class=\"headline-block \">\r\n                    \r\n                        <div class=\"container\">                            \r\n                            <div class=\"row\">\r\n                        <div class=\"col\">\r\n                            <h3 class=\"wt-subheadline wt-sl\">Teljes k\u00f6r\u0171 textillogisztika \u2013 nagyon gyors \u00e9s k\u00f6r\u00fcltekint\u0151<\/h3>\r\n                        <\/div>\r\n                    <\/div>\r\n                            \r\n                                                                                                                                \r\n                        <\/div>                                \r\n                <\/div>\r\n            \n\n            \r\n        <div class=\"spacing-block doublesmall spacing-block-id-69f312b90e1ed\" >                                     \r\n                  <div class=\"double-small-space\">   \r\n                  <\/div>                      \r\n        <\/div>\n\n\n<div class=\"wp-block-group container\"><div class=\"wp-block-group__inner-container is-layout-constrained wp-block-group-is-layout-constrained\">\n<p>A divat gyors \u2013 mi is. Megb\u00edzhat\u00f3 textillogisztikai szak\u00e9rt\u0151re van sz\u00fcks\u00e9ge ahhoz, hogy leg\u00fajabb divatkollekci\u00f3j\u00e1t eljuttassa a v\u00e9gfelhaszn\u00e1l\u00f3hoz vagy kereskedelmi partnerhez? Teljes k\u00f6r\u0171 divatteljes\u00edt\u00e9st k\u00edn\u00e1lunk a teljes ell\u00e1t\u00e1si l\u00e1nc ment\u00e9n. Bele\u00e9rtve az agilis <a href=\"\/hu-hu\/end-to-end-solutions\/our-business-models\/e-commerce\/\">e-kereskedelmi megold\u00e1sokat<\/a> \u00e9s a szakk\u00e9pzett szem\u00e9lyzetet, akik gondosan kezelik \u00e9s magas sz\u00ednvonalon dolgozz\u00e1k fel textilterm\u00e9keit.<\/p>\n\n\n\n<p>Legyen sz\u00f3 egy- vagy t\u00f6bbl\u00e9pcs\u0151s komissi\u00f3z\u00e1sr\u00f3l, c\u00edmk\u00e9z\u00e9sr\u0151l vagy g\u0151zvasal\u00e1sr\u00f3l, visszak\u00fcld\u00e9s kezel\u00e9s\u00e9r\u0151l vagy min\u0151s\u00e9gellen\u0151rz\u00e9sr\u0151l \u2013 az LGI Textillogistik egyedi tervez\u00e9s\u0171, teljes k\u00f6r\u0171 megold\u00e1sokat k\u00edn\u00e1l divatm\u00e1rk\u00e1j\u00e1nak. Amikor komissi\u00f3z\u00e1sr\u00f3l van sz\u00f3, az LGI a hat\u00e9kony rakt\u00e1ri szoftvermegold\u00e1sok \u00e9s a hozz\u00e1\u00e9rt\u0151 munkaer\u0151 egy\u00fcttm\u0171k\u00f6d\u00e9s\u00e9re t\u00e1maszkodik. A bev\u00e1lt Pick &amp; Pack folyamatunknak k\u00f6sz\u00f6nhet\u0151en a r\u00f6vid sz\u00e1ll\u00edt\u00e1si hat\u00e1rid\u0151ket is teljes\u00edteni tudjuk, \u00e9s felgyors\u00edtjuk a rakt\u00e1ri \u00e1tfut\u00e1si folyamatot.<\/p>\n<\/div><\/div>\n\n\n            \r\n        <div class=\"spacing-block small spacing-block-id-69f312b90f46c\" >                                     \r\n                  <div class=\"small-space\">   \r\n                  <\/div>                      \r\n        <\/div>\n\n\r\n                <div class=\"headline-block \">\r\n                    \r\n                        <div class=\"container\">                            \r\n                            <div class=\"row\">\r\n                        <div class=\"col\">\r\n                            <h3 class=\"wt-subheadline wt-sl\">Glob\u00e1lis sz\u00e1ll\u00edt\u00e1si logisztika a textilipar sz\u00e1m\u00e1ra<\/h3>\r\n                        <\/div>\r\n                    <\/div>\r\n                            \r\n                                                                                                                                \r\n                        <\/div>                                \r\n                <\/div>\r\n            \n\n            \r\n        <div class=\"spacing-block doublesmall spacing-block-id-69f312b90f603\" >                                     \r\n                  <div class=\"double-small-space\">   \r\n                  <\/div>                      \r\n        <\/div>\n\n\n<div class=\"wp-block-group container\"><div class=\"wp-block-group__inner-container is-layout-constrained wp-block-group-is-layout-constrained\">\n<div class=\"wp-block-columns is-layout-flex wp-container-core-columns-is-layout-9d6595d7 wp-block-columns-is-layout-flex\">\n<div class=\"wp-block-column is-layout-flow wp-block-column-is-layout-flow\">\n<p>T\u00f6bb mint 50 logisztikai telephellyel, h\u00e1l\u00f3zatban vagyunk Eur\u00f3pa-szerte, \u00e9s glob\u00e1lis, v\u00e9gpontokig terjed\u0151 keresleti l\u00e1nc megold\u00e1sokat is k\u00edn\u00e1lunk. A text\u00edli\u00e1inak nagy r\u00e9sz\u00e9t \u00c1zsi\u00e1ban \u00e1ll\u00edtja el\u0151? Az ITG le\u00e1nyv\u00e1llalatunk \u00c1zsi\u00e1b\u00f3l \u00e9s az indiai szubkontinensr\u0151l import\u00e1lt \u00e1ruk sz\u00e1ll\u00edt\u00e1s\u00e1ra specializ\u00e1l\u00f3dott. A &#8220;<a href=\"\/hu-hu\/end-to-end-solutions\/our-business-models\/air-and-sea-freight\/\">K\u00edna-Eur\u00f3pa nemzetk\u00f6zi blokkvonattal<\/a>&#8221; pedig lehet\u0151s\u00e9get k\u00edn\u00e1lunk a textilek vas\u00fati sz\u00e1ll\u00edt\u00e1s\u00e1ra K\u00edna \u00e9s Eur\u00f3pa k\u00f6z\u00f6tt.<\/p>\n\n\n\n<p>Legyen sz\u00f3 nemzeti vagy nemzetk\u00f6zi \u2013 az LGI textillogisztika a lehet\u0151 legr\u00f6videbb id\u0151n bel\u00fcl c\u00e9lba juttatja gy\u0171jtem\u00e9ny\u00e9t. <a href=\"\/hu-hu\/end-to-end-solutions\/our-business-models\/air-and-sea-freight\/\">Tengeri vagy l\u00e9gi fuvaroz\u00e1ssal<\/a>, multimod\u00e1lis sz\u00e1ll\u00edt\u00e1ssal vagy klasszikus teheraut\u00f3val Folyamatosan optimaliz\u00e1ljuk folyamatainkat a pontos, \u00e1tl\u00e1that\u00f3 \u00e9s biztons\u00e1gos sz\u00e1ll\u00edt\u00e1s \u00e9rdek\u00e9ben.<\/p>\n<\/div>\n\n\n\n<div class=\"wp-block-column is-layout-flow wp-block-column-is-layout-flow\">\n<p>\u00dcgyfeleink sz\u00e1m\u00e1ra az \u00e1tl\u00e1that\u00f3s\u00e1g a legfontosabb \u2013 az ell\u00e1t\u00e1si l\u00e1nc menedzsment eszk\u00f6z\u00fcnkkel 24\/7 szemmel tarthatja textilsz\u00e1ll\u00edt\u00e1sait. A lapos \u00e9s f\u00fcggesztett \u00e1ruk k\u00fcl\u00f6nf\u00e9le rendszereinek, min\u0151s\u00e9gellen\u0151rz\u00e9s\u00e9nek \u00e9s sz\u00e1mos biztons\u00e1gi int\u00e9zked\u00e9snek k\u00f6sz\u00f6nhet\u0151en pedig gondoskodunk arr\u00f3l, hogy textilterm\u00e9kei mindig s\u00e9rtetlen\u00fcl \u00e9s id\u0151ben meg\u00e9rkezzenek.<\/p>\n<\/div>\n<\/div>\n<\/div><\/div>\n\n\n            \r\n        <div class=\"spacing-block small spacing-block-id-69f312b90fbd9\" >                                     \r\n                  <div class=\"small-space\">   \r\n                  <\/div>                      \r\n        <\/div>\n\n   \r\n    \r\n    <section id=\"Contact-person\" class=\"contact-person-block contact-person-block-id-69f312b90fca2 encoded-email\" data-idcp=\"6138\" data-mail=\"dmVyYS5hdXJpY2hAaXRnLmRl\">\r\n    \r\n        \r\n        <div class=\"contact-person-bg-img-wrapper\">\r\n            <img loading=\"lazy\" decoding=\"async\" width=\"1920\" height=\"500\" src=\"\/wp-content\/uploads\/2023\/04\/people-in-textile-processing-lgi.jpg\" class=\"img-fluid bg-image\" alt=\"People in textile processing | LGI\" srcset=\"\/wp-content\/uploads\/2023\/04\/people-in-textile-processing-lgi.jpg 1920w, \/wp-content\/uploads\/2023\/04\/people-in-textile-processing-lgi-300x78.jpg 300w, \/wp-content\/uploads\/2023\/04\/people-in-textile-processing-lgi-1024x267.jpg 1024w, \/wp-content\/uploads\/2023\/04\/people-in-textile-processing-lgi-768x200.jpg 768w, \/wp-content\/uploads\/2023\/04\/people-in-textile-processing-lgi-1536x400.jpg 1536w\" sizes=\"auto, (max-width: 1920px) 100vw, 1920px\" \/>\r\n        <\/div>\r\n        \r\n        <div class=\"container contact-person-content-wrapper\">\r\n            <div class=\"row\">\r\n                <div class=\"col-12 col-lg-6 contact-person-text-wrapper contact-text-align\">\r\n                    <span class=\"wt-bh\">LGI kapcsolat<\/span>\r\n                    <span class=\"wt-hl wt-big-string\">Vegye fel vel\u00fcnk a <span class='wt-font-color-white'>kapcsolatot!<\/span><\/span>\r\n                <\/div>\r\n                <div class=\"col-12 col-lg-6 order-first order-lg-last contact-person-img-wrapper\">\r\n                    <div>\r\n                        <div class=\"contact-person-wrapper contact-person\">\r\n                            <div class=\"d-flex align-items-stretch\">\r\n                                <div class=\"image-section\">\r\n                                    <img loading=\"lazy\" decoding=\"async\" width=\"540\" height=\"500\" src=\"\/wp-content\/uploads\/2023\/01\/lgi-contact-aurich-vera.png\" class=\"img-fluid\" alt=\"LGI contact person: Vera Aurich\" srcset=\"\/wp-content\/uploads\/2023\/01\/lgi-contact-aurich-vera.png 540w, \/wp-content\/uploads\/2023\/01\/lgi-contact-aurich-vera-300x278.png 300w\" sizes=\"auto, (max-width: 540px) 100vw, 540px\" \/>\r\n                                <\/div>\r\n                                <div class=\"pe-3 pe-sm-0 ps-3 ps-xl-3 d-flex flex-column justify-content-end content-section\">\r\n                                    <p class=\"wt-sl\">Az \u00d6n kapcsolattart\u00f3ja<\/p>\r\n                                \r\n                                    <p class=\"text-sec wt-text-sec\">\r\n                                        <span>Head of Sales<\/span><br>\r\n                                         Vera Aurich<br>\r\n                                        <a class=\"wt-k-click-tel\" href=\"tel:+4915129804379\">+49 1512 9804379<\/a><br>\r\n                                        <a class=\"wt-k-click-mail\" href=\"&#109;&#97;&#105;&#108;&#116;&#111;&#58;%76%65%72%61.%61%75%72%69%63%68@%69%74%67.%64%65\">&#x76;&#x65;&#x72;&#x61;&#x2e;&#x61;&#x75;&#x72;&#x69;&#x63;&#x68;&#x40;&#x69;&#x74;&#x67;&#x2e;&#x64;&#x65;<\/a>\r\n                                    <\/p>\r\n                                    <div class=\"button-wrapper\">\r\n                                        <div class=\"wt-bt d-none d-sm-block\" data-bs-toggle=\"modal\" data-bs-target=\"#contactModal\">Kapcsolatfelv\u00e9tel<\/div>\r\n                                        <div class=\"d-none d-sm-block \"> <\/div>\r\n                                    <\/div>    \r\n                                <\/div>\r\n                            <\/div>                            \r\n                            <div class=\"button-wrapper\">\r\n                                <div class=\"mt-md-3 pt-3 pb-3 ps-3 pe-3 pt-md-3 d-sm-none\">\r\n                                    <div class=\"wt-bt\" data-bs-toggle=\"modal\" data-bs-target=\"#contactModal\">Kapcsolatfelv\u00e9tel<\/div>\r\n                                    \r\n                                <\/div>\r\n                            <\/div> \r\n                        <\/div>                        \r\n                    <\/div>                    \r\n                <\/div>\r\n            <\/div>\r\n        <\/div>\r\n        \r\n    <\/section>\n\n            \r\n        <div class=\"spacing-block extramedium spacing-block-id-69f312b911461\" >                                     \r\n                  <div class=\"extra-medium-space\">   \r\n                  <\/div>                      \r\n        <\/div>\n\n\r\n                <div class=\"headline-block \">\r\n                    \r\n                        <div class=\"container\">                            \r\n                            <div class=\"row\">\r\n                        <div class=\"col\">\r\n                            <h3 class=\"wt-subheadline wt-sl\">\u00c9rt\u00e9kn\u00f6velt szolg\u00e1ltat\u00e1sok\u2013 hozz\u00e1adott \u00e9rt\u00e9k textilterm\u00e9kei sz\u00e1m\u00e1ra<\/h3>\r\n                        <\/div>\r\n                    <\/div>\r\n                            \r\n                                                                                                                                \r\n                        <\/div>                                \r\n                <\/div>\r\n            \n\n            \r\n        <div class=\"spacing-block doublesmall spacing-block-id-69f312b9115ef\" >                                     \r\n                  <div class=\"double-small-space\">   \r\n                  <\/div>                      \r\n        <\/div>\n\n\n<div class=\"wp-block-group container\"><div class=\"wp-block-group__inner-container is-layout-constrained wp-block-group-is-layout-constrained\">\n<div class=\"wp-block-columns is-layout-flex wp-container-core-columns-is-layout-9d6595d7 wp-block-columns-is-layout-flex\">\n<div class=\"wp-block-column is-layout-flow wp-block-column-is-layout-flow\">\n<p>Az LGI nemcsak egyedi <a href=\"\/hu-hu\/end-to-end-solutions\/our-business-models\/multichannel\/\">t\u00f6bbcsatorn\u00e1s logisztikai megold\u00e1sokat<\/a> \u00e9s vil\u00e1gm\u00e9ret\u0171 sz\u00e1ll\u00edt\u00e1si lehet\u0151s\u00e9geket k\u00edn\u00e1l \u00d6nnek, hanem <a href=\"\/hu-hu\/end-to-end-solutions\/our-business-models\/vas\/\">\u00e9rt\u00e9kn\u00f6velt szolg\u00e1ltat\u00e1sokat<\/a> is k\u00edn\u00e1l textilterm\u00e9keihez.<\/p>\n\n\n\n<p>\u00c9vente t\u00f6bb mint 200.000 textilterm\u00e9k megy \u00e1t feldolgoz\u00e1sunkon &#8211; a text\u00edli\u00e1kat korszer\u0171 berendez\u00e9sekkel, p\u00e9ld\u00e1ul alag\u00fat- \u00e9s formafinom\u00edt\u00f3kkal kezelj\u00fck, sz\u00fcks\u00e9g eset\u00e9n k\u00e9zzel vasaljuk.<\/p>\n\n\n\n<p>A textillogisztik\u00e1ban minden min\u0151s\u00e9gi szintre \u00e9s minden sz\u00f6vett\u00edpusra megvan a megfelel\u0151 megold\u00e1sunk. T\u00f6bbkamr\u00e1s alag\u00fatfiniser\u00fcnk kiv\u00e1l\u00f3 min\u0151s\u00e9get k\u00edn\u00e1l k\u00fcl\u00f6nf\u00e9le text\u00edli\u00e1k k\u00edm\u00e9letes feldolgoz\u00e1s\u00e1hoz \u2013 a pamutt\u00f3l \u00e9s minden m\u00e1s term\u00e9szetes sz\u00e1lt\u00f3l a szintetikus sz\u00e1lakig \u00e9s a b\u0151rig. P\u00e9ld\u00e1ul a term\u00e9szetes sz\u00e1lakat hat\u00e9konyan el\u0151kezelik: az integr\u00e1lt pamut\u00e1pol\u00f3 egys\u00e9g megnedves\u00edti az anyagot, ami a legjobb eredm\u00e9nyt \u00e9ri el. <\/p>\n<\/div>\n\n\n\n<div class=\"wp-block-column is-layout-flow wp-block-column-is-layout-flow\">\n<p>A textillogisztikai szolg\u00e1ltat\u00e1sainkat a textil mos\u00e1si \u00e9s takar\u00edt\u00e1si munk\u00e1k teszik teljess\u00e9. K\u00e9r\u00e9sre szakembereink az \u00d6n divatterm\u00e9keinek jav\u00edt\u00e1s\u00e1r\u00f3l \u00e9s be\u00e1ll\u00edt\u00e1s\u00e1r\u00f3l is gondoskodnak. Ide tartozik p\u00e9ld\u00e1ul a l\u00e9gysz\u00e1lak elv\u00e1g\u00e1sa, a varratok \u00e9s szeg\u00e9lyek jav\u00edt\u00e1sa, a gombok r\u00f6gz\u00edt\u00e9se \u00e9s a kisebb hib\u00e1k jav\u00edt\u00e1sa. B\u00edzhat a szakszer\u0171 \u00e9s gyors jav\u00edt\u00e1sokban, valamint a gondos kezel\u00e9sben.<\/p>\n\n\n\n<p>B\u00edzza szakk\u00e9pzett munkat\u00e1rsainkra divatterm\u00e9kei jav\u00edt\u00e1si szolg\u00e1ltat\u00e1s\u00e1t, c\u00edmk\u00e9z\u00e9s\u00e9t, alag\u00fatfest\u00e9s\u00e9t \u00e9s g\u0151zvasal\u00e1s\u00e1t. Form\u00e1ba hozzuk \u00e1ruit \u00e9s k\u00e9szen \u00e1llunk elad\u00e1sra.<\/p>\n<\/div>\n<\/div>\n<\/div><\/div>\n\n\n            \r\n        <div class=\"spacing-block small spacing-block-id-69f312b911c2a\" >                                     \r\n                  <div class=\"small-space\">   \r\n                  <\/div>                      \r\n        <\/div>\n\n\r\n                <div class=\"headline-block \">\r\n                    \r\n                        <div class=\"container\">                            \r\n                            <div class=\"row\">\r\n                        <div class=\"col\">\r\n                            <h3 class=\"wt-subheadline wt-sl\">Szolg\u00e1ltat\u00e1saink a textillogisztika ter\u00fclet\u00e9n<\/h3>\r\n                        <\/div>\r\n                    <\/div>\r\n                            \r\n                                                                                                                                \r\n                        <\/div>                                \r\n                <\/div>\r\n            \n\n            \r\n        <div class=\"spacing-block doublesmall spacing-block-id-69f312b911db6\" >                                     \r\n                  <div class=\"double-small-space\">   \r\n                  <\/div>                      \r\n        <\/div>\n\n\n<div class=\"wp-block-group container\"><div class=\"wp-block-group__inner-container is-layout-constrained wp-block-group-is-layout-constrained\">\n<ul class=\"wp-block-list\">\n<li>B2B \u00e9s B2C teljes\u00edt\u00e9se<\/li>\n\n\n\n<li>Omnichannel logisztika<\/li>\n\n\n\n<li>Egyedi komissi\u00f3z\u00e1s<\/li>\n\n\n\n<li>Min\u0151s\u00e9gellen\u0151rz\u00e9s a bej\u00f6v\u0151 \u00e9s kimen\u0151 \u00e1rukn\u00e1l (illeszt\u00e9s ellen\u0151rz\u00e9se, els\u0151 minta \u00f6sszehasonl\u00edt\u00e1sa, AQL, feldolgoz\u00f3 \u00e9s blokkol\u00f3 \u00e1llom\u00e1s)<\/li>\n\n\n\n<li>Visszak\u00fcldi a feldolgoz\u00e1st<\/li>\n\n\n\n<li><a href=\"\/hu-hu\/glossary\/procurement-logistics\/\">Beszerz\u00e9si logisztika<\/a> \u00c1zsi\u00e1ra, T\u00f6r\u00f6korsz\u00e1gra \u00e9s Kelet-Eur\u00f3p\u00e1ra \u00f6sszpontos\u00edtva<\/li>\n\n\n\n<li>Textilterm\u00e9kek feldolgoz\u00e1sa, pl. B. alag\u00fat befejez\u00e9ssel<\/li>\n\n\n\n<li><a href=\"\/hu-hu\/glossary\/customs-services\/\">V\u00e1mkezel\u00e9s<\/a> \u00e9s v\u00e1mrakt\u00e1r<\/li>\n\n\n\n<li>Egy\u00e9niv\u00e9 alak\u00edt\u00e1s f\u00f3lia transzferrel \u00e9s h\u00edmz\u00e9ssel<\/li>\n<\/ul>\n<\/div><\/div>\n\n\n            \r\n        <div class=\"spacing-block small spacing-block-id-69f312b9123cf\" >                                     \r\n                  <div class=\"small-space\">   \r\n                  <\/div>                      \r\n        <\/div>\n\n\r\n        <section class=\"accordion-section\">\r\n            <div class=\"container\">\r\n            <ul class=\"accordion\">\r\n            <li class=\"accordion-content-wrap\">\r\n            <h3 class=\"accordion-upper toggle wt-h2\"><span class=\"acc-sign\"><\/span>Textillogisztikai visszak\u00fcld\u00e9sek kezel\u00e9se<\/h3>\r\n            <div class=\"accordion-content inner\">\r\n                <div class=\"row accordion-inner-content onecolumn\">\r\n                   \r\n                    <div class=\"text-area col-12 col-lg-12\">\r\n                        <span class=\"accordion-text\"><p>A magas megt\u00e9r\u00fcl\u00e9si ar\u00e1ny gyakran r\u00e9sze a divatiparnak \u2013 k\u00fcl\u00f6n\u00f6sen az <a href=\"\/hu-hu\/end-to-end-solutions\/our-business-models\/e-commerce\/\">e-kereskedelemben<\/a>. Visszak\u00fcld\u00e9s eset\u00e9n elengedhetetlen, hogy az \u00e1rut gyorsan tov\u00e1bb\u00e9rt\u00e9kes\u00edts\u00e9k. Ennek \u00e9rdek\u00e9ben \u00d6nnel egy\u00fctt dolgozunk egy szem\u00e9lyre szabott, fenntarthat\u00f3 \u00e9s k\u00f6lts\u00e9goptimaliz\u00e1lt visszak\u00fcld\u00e9si koncepci\u00f3 kidolgoz\u00e1s\u00e1n, amely az \u00d6n ig\u00e9nyeihez igazodik, \u00e9s legjobb gyakorlati alkalmaz\u00e1saink seg\u00edts\u00e9g\u00e9vel. A speci\u00e1lisan kialak\u00edtott csapatok gyorsan \u00e9s gondosan gondoskodnak a visszak\u00fcld\u00f6tt \u00e1rukr\u00f3l:<\/p>\r\n<ol>\r\n<li>A visszak\u00fcld\u00f6tt \u00e1ru ellen\u0151rz\u00e9se a viszontelad\u00e1si lehet\u0151s\u00e9gek \u00e9s a sz\u00fcks\u00e9ges el\u0151k\u00e9sz\u00edt\u00e9s vagy jav\u00edt\u00e1s meghat\u00e1roz\u00e1sa \u00e9rdek\u00e9ben.<\/li>\r\n<li>A visszak\u00fcld\u00f6tt \u00e1ruk \u00e9rt\u00e9kel\u00e9se\/oszt\u00e1lyoz\u00e1sa az \u00e1ru min\u0151s\u00e9ge \u00e9s \u00fajrafelhaszn\u00e1lhat\u00f3s\u00e1ga szerint A, B \u00e9s C kateg\u00f3ri\u00e1ban.<\/li>\r\n<li>Hib\u00e1k el\u0151k\u00e9sz\u00edt\u00e9se vagy kijav\u00edt\u00e1sa, \u00faj csomagol\u00e1s vagy a visszak\u00fcld\u00f6tt \u00e1ru k\u00f6rnyezetbar\u00e1t megsemmis\u00edt\u00e9se &#8211; az \u00d6n specifik\u00e1ci\u00f3i szerint.<\/li>\r\n<\/ol>\r\n<p>A visszak\u00fcld\u00e9si folyamat sor\u00e1n az LGI a folyamatok kiterjedt szabv\u00e1nyos\u00edt\u00e1s\u00e1ra \u00e9s a rakt\u00e1r leg\u00fajabb technol\u00f3gi\u00e1j\u00e1ra t\u00e1maszkodik. Ily m\u00f3don garant\u00e1ljuk, hogy az \u00e1ru a lehet\u0151 leggyorsabban visszaker\u00fclj\u00f6n az \u00e9rt\u00e9kes\u00edt\u00e9si csatorn\u00e1ba, \u00e9s ez\u00e1ltal gyorsan \u00fajra el\u00e9rhet\u0151 legyen.<\/p><\/span><br>\r\n                    <\/div>\r\n                <\/div>\r\n            <\/div>    \r\n            <\/li>\r\n              \r\n            <li class=\"accordion-content-wrap\">\r\n            <h3 class=\"accordion-upper toggle wt-h2\"><span class=\"acc-sign\"><\/span>Textil szerz\u0151d\u00e9ses logisztika<\/h3>\r\n            <div class=\"accordion-content inner\">\r\n                <div class=\"row accordion-inner-content onecolumn\">\r\n                   \r\n                    <div class=\"text-area col-12 col-lg-12\">\r\n                        <span class=\"accordion-text\"><p>Az LGI rugalmas logisztikai megold\u00e1sokat k\u00edn\u00e1l minden textilterm\u00e9khez \u2013 az \u00f6vekt\u0151l \u00e9s t\u00e1sk\u00e1kt\u00f3l az \u00f6lt\u00f6ny\u00f6kig \u00e9s est\u00e9lyi ruh\u00e1kig. Minden \u00e9rintett besz\u00e1ll\u00edt\u00f3t koordin\u00e1lunk, \u00e9s a teljes visszak\u00fcld\u00e9si folyamatot az \u00d6n specifik\u00e1ci\u00f3i szerint kezelj\u00fck.<\/p>\r\n<ul>\r\n<li>B2B \u00e9s B2C <a href=\"\/hu-hu\/end-to-end-solutions\/our-business-models\/e-commerce\/\">teljes\u00edt\u00e9se<\/a><\/li>\r\n<li>Omnichannel logisztika<\/li>\r\n<li>Egyedi komissi\u00f3z\u00e1s<\/li>\r\n<li>Min\u0151s\u00e9gellen\u0151rz\u00e9s a bej\u00f6v\u0151 \u00e9s kimen\u0151 \u00e1rukn\u00e1l (illeszt\u00e9s ellen\u0151rz\u00e9se, els\u0151 minta \u00f6sszehasonl\u00edt\u00e1sa, AQL, feldolgoz\u00f3 \u00e9s blokkol\u00f3 \u00e1llom\u00e1s)<\/li>\r\n<li>C\u00edmk\u00e9z\u00e9s \u00e9s csomagol\u00e1s<\/li>\r\n<li>Csomagolja \u00fajra<\/li>\r\n<li><a href=\"\/hu-hu\/glossary\/distribution-logistics\/\">Eloszt\u00e1si logisztika<\/a><\/li>\r\n<li>Visszak\u00fcldi a feldolgoz\u00e1st<\/li>\r\n<li><a href=\"\/hu-hu\/glossary\/procurement-logistics\/\">Beszerz\u00e9si logisztika<\/a> \u00c1zsi\u00e1ra, T\u00f6r\u00f6korsz\u00e1gra \u00e9s Kelet-Eur\u00f3p\u00e1ra \u00f6sszpontos\u00edtva<\/li>\r\n<li>Textilterm\u00e9kek feldolgoz\u00e1sa, pl. alag\u00fat befejez\u00e9ssel<\/li>\r\n<li>V\u00e1mkezel\u00e9s \u00e9s v\u00e1mrakt\u00e1r<\/li>\r\n<li>Egy\u00e9niv\u00e9 alak\u00edt\u00e1s f\u00f3lia transzferrel \u00e9s h\u00edmz\u00e9ssel<\/li>\r\n<li>Lean Management alap\u00fa LGI oper\u00e1ci\u00f3s rendszer (LOS) a teljes\u00edtm\u00e9ny \u00e9s a min\u0151s\u00e9gi c\u00e9lok optimaliz\u00e1l\u00e1s\u00e1hoz<\/li>\r\n<\/ul><\/span><br>\r\n                    <\/div>\r\n                <\/div>\r\n            <\/div>    \r\n            <\/li>\r\n              \r\n            <li class=\"accordion-content-wrap\">\r\n            <h3 class=\"accordion-upper toggle wt-h2\"><span class=\"acc-sign\"><\/span>Textil sz\u00e1ll\u00edt\u00e1si logisztika<\/h3>\r\n            <div class=\"accordion-content inner\">\r\n                <div class=\"row accordion-inner-content onecolumn\">\r\n                   \r\n                    <div class=\"text-area col-12 col-lg-12\">\r\n                        <span class=\"accordion-text\"><p>Az LGI-vel minden sz\u00e1ll\u00edt\u00e1si csatorn\u00e1t lefed \u2013 a tengeri \u00e1rusz\u00e1ll\u00edt\u00e1st\u00f3l a vas\u00fati \u00e9s a k\u00f6z\u00fati sz\u00e1ll\u00edt\u00e1st\u00f3l a <a href=\"\/hu-hu\/end-to-end-solutions\/our-business-models\/air-and-sea-freight\/\">l\u00e9gi \u00e1rufuvaroz\u00e1sig<\/a>. <a href=\"\/hu-hu\/glossary\/transport-logistics\/\">Sz\u00e1ll\u00edt\u00e1si logisztik\u00e1nk<\/a> biztons\u00e1gosan sz\u00e1ll\u00edtja text\u00edli\u00e1it v\u00e9gfelhaszn\u00e1l\u00f3ihoz, forgalmaz\u00f3ihoz vagy gy\u00e1rt\u00f3helyeihez vil\u00e1gszerte. K\u00fcl\u00f6nf\u00e9le \u00e9rt\u00e9kn\u00f6velt szolg\u00e1ltat\u00e1sokat is k\u00edn\u00e1lunk, mint p\u00e9ld\u00e1ul a f\u00fcggesztett \u00e1rusz\u00e1ll\u00edt\u00e1s \u00e9s a Track &amp; Trace. Mindezt egyetlen forr\u00e1sb\u00f3l.<\/p>\r\n<ul>\r\n<li>C\u00edmzett-specifikus feldolgoz\u00e1s<\/li>\r\n<li>F\u00fcggesztett \u00e9s lapos \u00e1ruk textil sz\u00e1ll\u00edt\u00e1sa<\/li>\r\n<li>Visszak\u00fcld\u00e9si\u00a0 szolg\u00e1ltat\u00e1s<\/li>\r\n<li><a href=\"\/hu-hu\/end-to-end-solutions\/our-business-models\/air-and-sea-freight\/\">L\u00e9gi tehersz\u00e1ll\u00edt\u00e1s<\/a><\/li>\r\n<li><a href=\"\/hu-hu\/end-to-end-solutions\/our-business-models\/air-and-sea-freight\/\">Tengeri sz\u00e1ll\u00edtm\u00e1nyoz\u00e1s<\/a><\/li>\r\n<li>Vas\u00fat<\/li>\r\n<li>Multimod\u00e1lis sz\u00e1ll\u00edt\u00e1s<\/li>\r\n<li>Belf\u00f6ldi \u00e9s nemzetk\u00f6zi kamionsz\u00e1ll\u00edt\u00e1s<\/li>\r\n<li>Eloszt\u00e1si logisztika (az \u00e9rt\u00e9kes\u00edt\u00e9si pontig\/POS-ig)<\/li>\r\n<li>CEP menedzsment<\/li>\r\n<li>Sz\u00e1ll\u00edt\u00e1si strukt\u00far\u00e1k optimaliz\u00e1l\u00e1sa nemzeti \u00e9s nemzetk\u00f6zi szinten<\/li>\r\n<\/ul><\/span><br>\r\n                    <\/div>\r\n                <\/div>\r\n            <\/div>    \r\n            <\/li>\r\n              \r\n            <li class=\"accordion-content-wrap\">\r\n            <h3 class=\"accordion-upper toggle wt-h2\"><span class=\"acc-sign\"><\/span>Textillogisztika \u00e9rt\u00e9kn\u00f6velt szolg\u00e1ltat\u00e1sokkal<\/h3>\r\n            <div class=\"accordion-content inner\">\r\n                <div class=\"row accordion-inner-content onecolumn\">\r\n                   \r\n                    <div class=\"text-area col-12 col-lg-12\">\r\n                        <span class=\"accordion-text\"><p>Friss\u00edtse textil\u00e1ruit: Az LGI \u00e9rt\u00e9kn\u00f6velt szolg\u00e1ltat\u00e1sok sz\u00e9les sk\u00e1l\u00e1j\u00e1t k\u00edn\u00e1lja a textillogisztika ter\u00fclet\u00e9n. Legyen sz\u00f3 g\u0151zb\u00e1bokr\u00f3l, k\u00e9zi vasal\u00e1sr\u00f3l, tiszt\u00edt\u00e1sr\u00f3l vagy textilterm\u00e9kek jav\u00edt\u00e1s\u00e1r\u00f3l \u2013 mindig garant\u00e1ljuk a min\u0151s\u00e9gi munk\u00e1t.<\/p>\r\n<ul>\r\n<li>beszerz\u00e9s ellen\u0151rz\u00e9se<\/li>\r\n<li>Mindenf\u00e9le &#8220;elad\u00e1sra k\u00e9sz&#8221; textilfeldolgoz\u00e1s<\/li>\r\n<li>T\u00f6bbkamr\u00e1s alag\u00fatfiniser<\/li>\r\n<li>Steam Dolls<\/li>\r\n<li>Formafeldolgoz\u00f3k<\/li>\r\n<li>Nadr\u00e1gfels\u0151<\/li>\r\n<li>Tumbler?<\/li>\r\n<li>K\u00e9zi vasal\u00e1s<\/li>\r\n<li>Tiszt\u00edt\u00f3kamr\u00e1k<\/li>\r\n<li>Ut\u00f3feldolgoz\u00e1s \u00e9s jav\u00edt\u00e1s (saj\u00e1t varr\u00f3m\u0171hely\u00fcnkben)<\/li>\r\n<li>Mintagy\u0171jtem\u00e9nyek szolg\u00e1ltat\u00e1sa<\/li>\r\n<li>C\u00edmk\u00e9z\u00e9s (term\u00e9k- \u00e9s biztons\u00e1gi c\u00edmk\u00e9k)<\/li>\r\n<li>Term\u00e9kspecifikus csomagol\u00e1si megold\u00e1sok (pl. csomagol\u00e1s) \u00e9s a csomagol\u00e1s \u00fajrahasznos\u00edt\u00e1sa<\/li>\r\n<\/ul><\/span><br>\r\n                    <\/div>\r\n                <\/div>\r\n            <\/div>    \r\n            <\/li>\r\n              \r\n            <li class=\"accordion-content-wrap\">\r\n            <h3 class=\"accordion-upper toggle wt-h2\"><span class=\"acc-sign\"><\/span>Textillogisztikai v\u00e1m- \u00e9s k\u00fclkereskedelem<\/h3>\r\n            <div class=\"accordion-content inner\">\r\n                <div class=\"row accordion-inner-content onecolumn\">\r\n                   \r\n                    <div class=\"text-area col-12 col-lg-12\">\r\n                        <span class=\"accordion-text\"><p>V\u00e1mszak\u00e9rt\u0151ink biztos\u00edtj\u00e1k, hogy alapanyagai, \u00f6sszetev\u0151i \u00e9s textilterm\u00e9kei gyorsan \u00e9s egyszer\u0171en \u00e1tl\u00e9pj\u00e9k a hat\u00e1rokat. Legyen sz\u00f3 l\u00e9gi, tengeri, vas\u00fati vagy k\u00f6z\u00fati fuvaroz\u00e1sr\u00f3l &#8211; mi gondoskodunk a teljes <a href=\"\/hu-hu\/glossary\/customs-services\/\">v\u00e1mkezel\u00e9sr\u0151l<\/a>, saj\u00e1t v\u00e1mrakt\u00e1rral rendelkez\u00fcnk, \u00e9s ig\u00e9ny eset\u00e9n v\u00e1llaljuk a v\u00e1mokm\u00e1nyok, k\u00eds\u00e9r\u0151okm\u00e1nyok \u00e9s m\u00e9g sok m\u00e1s elk\u00e9sz\u00edt\u00e9s\u00e9t is.<\/p>\r\n<ul>\r\n<li>Export \u00e9s import v\u00e1mkezel\u00e9s<\/li>\r\n<li>Textilterm\u00e9kek v\u00e1mtarifa szerinti besorol\u00e1sa<\/li>\r\n<li>V\u00e1mrakt\u00e1ri elj\u00e1r\u00e1sok \u00e9s v\u00e1mrakt\u00e1r menedzsment<\/li>\r\n<li>Feldolgoz\u00e1s passz\u00edv \u00e9s akt\u00edv feldolgoz\u00e1sra<\/li>\r\n<li>Dokument\u00e1ci\u00f3 \u00e9s ellen\u0151rz\u00e9sek<\/li>\r\n<li>Elektronikus adatcsere ATLAS-on kereszt\u00fcl<\/li>\r\n<li>AEO j\u00f3v\u00e1hagy\u00e1s<\/li>\r\n<li>V\u00e1mtan\u00e1csad\u00e1s<\/li>\r\n<\/ul><\/span><br>\r\n                    <\/div>\r\n                <\/div>\r\n            <\/div>    \r\n            <\/li>\r\n              \r\n            <li class=\"accordion-content-wrap\">\r\n            <h3 class=\"accordion-upper toggle wt-h2\"><span class=\"acc-sign\"><\/span>Min\u0151s\u00edt\u00e9seink<\/h3>\r\n            <div class=\"accordion-content inner\">\r\n                <div class=\"row accordion-inner-content onecolumn\">\r\n                   \r\n                    <div class=\"text-area col-12 col-lg-12\">\r\n                        <span class=\"accordion-text\"><ul>\r\n<li><a href=\"\/hu-hu\/glossary\/certificate-iso-9001\/\">ISO 9001<\/a> (Min\u0151s\u00e9gir\u00e1ny\u00edt\u00e1s)<\/li>\r\n<li><a href=\"\/hu-hu\/glossary\/certificate-iso-14001\/\">ISO 14001<\/a> (K\u00f6rnyezet)<\/li>\r\n<li><a href=\"\/hu-hu\/glossary\/certificate-iso-iec-27001\/\">ISO 27001<\/a> (inform\u00e1ci\u00f3biztons\u00e1g)<\/li>\r\n<li><a href=\"\/hu-hu\/glossary\/aeo-authorised-economic-operator\/\">AEO Min\u0151s\u00edt\u00e9s<\/a> (V\u00e1m)<\/li>\r\n<li>Reg. B (L\u00e9gi biztons\u00e1g)<\/li>\r\n<\/ul><\/span><br>\r\n                    <\/div>\r\n                <\/div>\r\n            <\/div>    \r\n            <\/li>\r\n                  \r\n                <\/ul>\r\n            <\/div>\r\n        <\/section>\n\n            \r\n        <div class=\"spacing-block large spacing-block-id-69f312b9127e7\" >                                     \r\n                  <div class=\"large-space\">   \r\n                  <\/div>                      \r\n        <\/div>","protected":false},"excerpt":{"rendered":"<p>A divat gyors \u2013 mi is. Megb\u00edzhat\u00f3 textillogisztikai szak\u00e9rt\u0151re van sz\u00fcks\u00e9ge ahhoz, hogy leg\u00fajabb divatkollekci\u00f3j\u00e1t eljuttassa a v\u00e9gfelhaszn\u00e1l\u00f3hoz vagy kereskedelmi partnerhez? Teljes k\u00f6r\u0171 divatteljes\u00edt\u00e9st k\u00edn\u00e1lunk a teljes ell\u00e1t\u00e1si l\u00e1nc ment\u00e9n. Bele\u00e9rtve az agilis e-kereskedelmi megold\u00e1sokat \u00e9s a szakk\u00e9pzett szem\u00e9lyzetet, akik gondosan kezelik \u00e9s magas sz\u00ednvonalon dolgozz\u00e1k fel textilterm\u00e9keit. Legyen sz\u00f3 egy- vagy t\u00f6bbl\u00e9pcs\u0151s komissi\u00f3z\u00e1sr\u00f3l, c\u00edmk\u00e9z\u00e9sr\u0151l [&hellip;]<\/p>\n","protected":false},"author":1,"featured_media":0,"parent":2339,"menu_order":0,"comment_status":"closed","ping_status":"closed","template":"","meta":{"footnotes":""},"class_list":["post-6785","page","type-page","status-publish","hentry"],"yoast_head":"<!-- This site is optimized with the Yoast SEO plugin v27.3 - https:\/\/yoast.com\/product\/yoast-seo-wordpress\/ -->\n<title>Textil \u00e9s ell\u00e1t\u00e1si l\u00e1nc megold\u00e1sok a divat sz\u00e1m\u00e1ra<\/title>\n<meta name=\"description\" content=\"Egyedi textillogisztikai megold\u00e1sok? Mi k\u00edn\u00e1lunk: \u2713Tudatos szem\u00e9lyzet \u2713Glob\u00e1lis h\u00e1l\u00f3zat \u2713Divatos teljes\u00edt\u00e9s \u00e9s m\u00e9g t\u00f6bb \u27a4 \u00c9rdekl\u0151dj\u00f6n most.\" \/>\n<meta name=\"robots\" content=\"index, follow, max-snippet:-1, max-image-preview:large, max-video-preview:-1\" \/>\n<link rel=\"canonical\" href=\"https:\/\/lgigroup.com\/hu-hu\/wp-json\/wp\/v2\/pages\/6785\" \/>\n<meta property=\"og:locale\" content=\"hu_HU\" \/>\n<meta property=\"og:type\" content=\"article\" \/>\n<meta property=\"og:title\" content=\"Textil \u00e9s ell\u00e1t\u00e1si l\u00e1nc megold\u00e1sok a divat sz\u00e1m\u00e1ra\" \/>\n<meta property=\"og:description\" content=\"Egyedi textillogisztikai megold\u00e1sok? Mi k\u00edn\u00e1lunk: \u2713Tudatos szem\u00e9lyzet \u2713Glob\u00e1lis h\u00e1l\u00f3zat \u2713Divatos teljes\u00edt\u00e9s \u00e9s m\u00e9g t\u00f6bb \u27a4 \u00c9rdekl\u0151dj\u00f6n most.\" \/>\n<meta property=\"og:url\" content=\"https:\/\/lgigroup.com\/hu-hu\/uezletagak\/textil\/\" \/>\n<meta property=\"og:site_name\" content=\"LGI Group\" \/>\n<meta property=\"article:modified_time\" content=\"2024-10-24T14:51:06+00:00\" \/>\n<meta name=\"twitter:card\" content=\"summary_large_image\" \/>\n<meta name=\"twitter:label1\" content=\"Est. reading time\" \/>\n\t<meta name=\"twitter:data1\" content=\"3 minutes\" \/>\n<script type=\"application\/ld+json\" class=\"yoast-schema-graph\">{\"@context\":\"https:\\\/\\\/schema.org\",\"@graph\":[{\"@type\":\"WebPage\",\"@id\":\"https:\\\/\\\/lgigroup.com\\\/hu-hu\\\/uezletagak\\\/textil\\\/\",\"url\":\"https:\\\/\\\/lgigroup.com\\\/hu-hu\\\/uezletagak\\\/textil\\\/\",\"name\":\"Textil \u00e9s ell\u00e1t\u00e1si l\u00e1nc megold\u00e1sok a divat sz\u00e1m\u00e1ra\",\"isPartOf\":{\"@id\":\"https:\\\/\\\/lgigroup.com\\\/hu-hu\\\/#website\"},\"datePublished\":\"2023-01-12T08:16:32+00:00\",\"dateModified\":\"2024-10-24T14:51:06+00:00\",\"description\":\"Egyedi textillogisztikai megold\u00e1sok? Mi k\u00edn\u00e1lunk: \u2713Tudatos szem\u00e9lyzet \u2713Glob\u00e1lis h\u00e1l\u00f3zat \u2713Divatos teljes\u00edt\u00e9s \u00e9s m\u00e9g t\u00f6bb \u27a4 \u00c9rdekl\u0151dj\u00f6n most.\",\"breadcrumb\":{\"@id\":\"https:\\\/\\\/lgigroup.com\\\/hu-hu\\\/uezletagak\\\/textil\\\/#breadcrumb\"},\"inLanguage\":\"hu-hu\",\"potentialAction\":[{\"@type\":\"ReadAction\",\"target\":[\"https:\\\/\\\/lgigroup.com\\\/hu-hu\\\/uezletagak\\\/textil\\\/\"]}]},{\"@type\":\"BreadcrumbList\",\"@id\":\"https:\\\/\\\/lgigroup.com\\\/hu-hu\\\/uezletagak\\\/textil\\\/#breadcrumb\",\"itemListElement\":[{\"@type\":\"ListItem\",\"position\":1,\"name\":\"Startseite\",\"item\":\"https:\\\/\\\/lgigroup.com\\\/hu-hu\\\/\"},{\"@type\":\"ListItem\",\"position\":2,\"name\":\"Industries\",\"item\":\"https:\\\/\\\/lgigroup.com\\\/hu-hu\\\/uezletagak\\\/\"},{\"@type\":\"ListItem\",\"position\":3,\"name\":\"Textil\"}]},{\"@type\":\"WebSite\",\"@id\":\"https:\\\/\\\/lgigroup.com\\\/hu-hu\\\/#website\",\"url\":\"https:\\\/\\\/lgigroup.com\\\/hu-hu\\\/\",\"name\":\"LGI Group\",\"description\":\"\",\"publisher\":{\"@id\":\"https:\\\/\\\/lgigroup.com\\\/hu-hu\\\/#organization\"},\"potentialAction\":[{\"@type\":\"SearchAction\",\"target\":{\"@type\":\"EntryPoint\",\"urlTemplate\":\"https:\\\/\\\/lgigroup.com\\\/hu-hu\\\/?s={search_term_string}\"},\"query-input\":{\"@type\":\"PropertyValueSpecification\",\"valueRequired\":true,\"valueName\":\"search_term_string\"}}],\"inLanguage\":\"hu-hu\"},{\"@type\":\"Organization\",\"@id\":\"https:\\\/\\\/lgigroup.com\\\/hu-hu\\\/#organization\",\"name\":\"LGI GmbH\",\"url\":\"https:\\\/\\\/lgigroup.com\\\/hu-hu\\\/\",\"logo\":{\"@type\":\"ImageObject\",\"inLanguage\":\"hu-hu\",\"@id\":\"https:\\\/\\\/lgigroup.com\\\/hu-hu\\\/#\\\/schema\\\/logo\\\/image\\\/\",\"url\":\"https:\\\/\\\/lgigroup.com\\\/wp-content\\\/uploads\\\/2023\\\/01\\\/lgi-logo.png\",\"contentUrl\":\"https:\\\/\\\/lgigroup.com\\\/wp-content\\\/uploads\\\/2023\\\/01\\\/lgi-logo.png\",\"width\":420,\"height\":200,\"caption\":\"LGI GmbH\"},\"image\":{\"@id\":\"https:\\\/\\\/lgigroup.com\\\/hu-hu\\\/#\\\/schema\\\/logo\\\/image\\\/\"}}]}<\/script>\n<!-- \/ Yoast SEO plugin. -->","yoast_head_json":{"title":"Textil \u00e9s ell\u00e1t\u00e1si l\u00e1nc megold\u00e1sok a divat sz\u00e1m\u00e1ra","description":"Egyedi textillogisztikai megold\u00e1sok? Mi k\u00edn\u00e1lunk: \u2713Tudatos szem\u00e9lyzet \u2713Glob\u00e1lis h\u00e1l\u00f3zat \u2713Divatos teljes\u00edt\u00e9s \u00e9s m\u00e9g t\u00f6bb \u27a4 \u00c9rdekl\u0151dj\u00f6n most.","robots":{"index":"index","follow":"follow","max-snippet":"max-snippet:-1","max-image-preview":"max-image-preview:large","max-video-preview":"max-video-preview:-1"},"canonical":"https:\/\/lgigroup.com\/hu-hu\/wp-json\/wp\/v2\/pages\/6785","og_locale":"hu_HU","og_type":"article","og_title":"Textil \u00e9s ell\u00e1t\u00e1si l\u00e1nc megold\u00e1sok a divat sz\u00e1m\u00e1ra","og_description":"Egyedi textillogisztikai megold\u00e1sok? Mi k\u00edn\u00e1lunk: \u2713Tudatos szem\u00e9lyzet \u2713Glob\u00e1lis h\u00e1l\u00f3zat \u2713Divatos teljes\u00edt\u00e9s \u00e9s m\u00e9g t\u00f6bb \u27a4 \u00c9rdekl\u0151dj\u00f6n most.","og_url":"https:\/\/lgigroup.com\/hu-hu\/uezletagak\/textil\/","og_site_name":"LGI Group","article_modified_time":"2024-10-24T14:51:06+00:00","twitter_card":"summary_large_image","twitter_misc":{"Est. reading time":"3 minutes"},"schema":{"@context":"https:\/\/schema.org","@graph":[{"@type":"WebPage","@id":"https:\/\/lgigroup.com\/hu-hu\/uezletagak\/textil\/","url":"https:\/\/lgigroup.com\/hu-hu\/uezletagak\/textil\/","name":"Textil \u00e9s ell\u00e1t\u00e1si l\u00e1nc megold\u00e1sok a divat sz\u00e1m\u00e1ra","isPartOf":{"@id":"https:\/\/lgigroup.com\/hu-hu\/#website"},"datePublished":"2023-01-12T08:16:32+00:00","dateModified":"2024-10-24T14:51:06+00:00","description":"Egyedi textillogisztikai megold\u00e1sok? Mi k\u00edn\u00e1lunk: \u2713Tudatos szem\u00e9lyzet \u2713Glob\u00e1lis h\u00e1l\u00f3zat \u2713Divatos teljes\u00edt\u00e9s \u00e9s m\u00e9g t\u00f6bb \u27a4 \u00c9rdekl\u0151dj\u00f6n most.","breadcrumb":{"@id":"https:\/\/lgigroup.com\/hu-hu\/uezletagak\/textil\/#breadcrumb"},"inLanguage":"hu-hu","potentialAction":[{"@type":"ReadAction","target":["https:\/\/lgigroup.com\/hu-hu\/uezletagak\/textil\/"]}]},{"@type":"BreadcrumbList","@id":"https:\/\/lgigroup.com\/hu-hu\/uezletagak\/textil\/#breadcrumb","itemListElement":[{"@type":"ListItem","position":1,"name":"Startseite","item":"https:\/\/lgigroup.com\/hu-hu\/"},{"@type":"ListItem","position":2,"name":"Industries","item":"https:\/\/lgigroup.com\/hu-hu\/uezletagak\/"},{"@type":"ListItem","position":3,"name":"Textil"}]},{"@type":"WebSite","@id":"https:\/\/lgigroup.com\/hu-hu\/#website","url":"https:\/\/lgigroup.com\/hu-hu\/","name":"LGI Group","description":"","publisher":{"@id":"https:\/\/lgigroup.com\/hu-hu\/#organization"},"potentialAction":[{"@type":"SearchAction","target":{"@type":"EntryPoint","urlTemplate":"https:\/\/lgigroup.com\/hu-hu\/?s={search_term_string}"},"query-input":{"@type":"PropertyValueSpecification","valueRequired":true,"valueName":"search_term_string"}}],"inLanguage":"hu-hu"},{"@type":"Organization","@id":"https:\/\/lgigroup.com\/hu-hu\/#organization","name":"LGI GmbH","url":"https:\/\/lgigroup.com\/hu-hu\/","logo":{"@type":"ImageObject","inLanguage":"hu-hu","@id":"https:\/\/lgigroup.com\/hu-hu\/#\/schema\/logo\/image\/","url":"https:\/\/lgigroup.com\/wp-content\/uploads\/2023\/01\/lgi-logo.png","contentUrl":"https:\/\/lgigroup.com\/wp-content\/uploads\/2023\/01\/lgi-logo.png","width":420,"height":200,"caption":"LGI GmbH"},"image":{"@id":"https:\/\/lgigroup.com\/hu-hu\/#\/schema\/logo\/image\/"}}]}},"_links":{"self":[{"href":"https:\/\/lgigroup.com\/hu-hu\/wp-json\/wp\/v2\/pages\/6785","targetHints":{"allow":["GET"]}}],"collection":[{"href":"https:\/\/lgigroup.com\/hu-hu\/wp-json\/wp\/v2\/pages"}],"about":[{"href":"https:\/\/lgigroup.com\/hu-hu\/wp-json\/wp\/v2\/types\/page"}],"author":[{"embeddable":true,"href":"https:\/\/lgigroup.com\/hu-hu\/wp-json\/wp\/v2\/users\/1"}],"replies":[{"embeddable":true,"href":"https:\/\/lgigroup.com\/hu-hu\/wp-json\/wp\/v2\/comments?post=6785"}],"version-history":[{"count":13,"href":"https:\/\/lgigroup.com\/hu-hu\/wp-json\/wp\/v2\/pages\/6785\/revisions"}],"predecessor-version":[{"id":25154,"href":"https:\/\/lgigroup.com\/hu-hu\/wp-json\/wp\/v2\/pages\/6785\/revisions\/25154"}],"up":[{"embeddable":true,"href":"https:\/\/lgigroup.com\/hu-hu\/wp-json\/wp\/v2\/pages\/2339"}],"wp:attachment":[{"href":"https:\/\/lgigroup.com\/hu-hu\/wp-json\/wp\/v2\/media?parent=6785"}],"curies":[{"name":"wp","href":"https:\/\/api.w.org\/{rel}","templated":true}]}}